{"id":210,"date":"2016-08-06T14:26:21","date_gmt":"2016-08-06T13:26:21","guid":{"rendered":"http:\/\/juliengarciaguitares.fr\/?page_id=210"},"modified":"2023-04-09T00:16:35","modified_gmt":"2023-04-08T23:16:35","slug":"actualites","status":"publish","type":"page","link":"https:\/\/juliengarciaguitares.fr\/index.php\/actualites\/","title":{"rendered":"Actualit\u00e9s"},"content":{"rendered":"<p><strong>Les 27 et 28 Mai 2023:<\/strong><br \/>\nJe serai pr\u00e9sent \u00e0 la Guitare Expo de Lyon qui se tiendra \u00e0 l&rsquo;Espace 140 &#8211; <span class=\"s1\">Rillieux-La-Pape<\/span>.<br \/>\nPour plus d&rsquo;infos:<\/p>\n<p><a href=\"https:\/\/guitare-expo-lyon.com\">https:\/\/guitare-expo-lyon.com<\/a><\/p>\n<p><strong>Les 17 et 18 septembre 2022:<\/strong><br \/>\nJe serai pr\u00e9sent au salon de lutherie des IG 2022 \u00e0 la cit\u00e9 \u00e0 Toulouse.<br \/>\nPour plus d&rsquo;infos:<\/p>\n<p><a href=\"https:\/\/www.les-ig.com\/\">https:\/\/www.les-ig.com\/<\/a><br \/>\n<a href=\"https:\/\/luthiers.com\/retrouvez-julien-garcia-aux-ig-2022\/\">https:\/\/luthiers.com\/retrouvez-julien-garcia-aux-ig-2022\/<\/a><\/p>\n<p><strong>Les 21 et 22 mai 2022:<br \/>\n<\/strong>Je serai pr\u00e9sent \u00e0 la guitare expo de Lyon qui se tiendra <strong>5 Rue Eug\u00e8ne Pottier<\/strong> \u00e0 Villeurbanne.<br \/>\nPour plus d&rsquo;infos sur la programmation:<\/p>\n<p><a href=\"https:\/\/guitare-expo-lyon.com\/\">https:\/\/guitare-expo-lyon.com\/<\/a><\/p>\n<p>&nbsp;<\/p>\n<p><strong>Les 27 et 28 novembre 2021:<br \/>\n<\/strong>Je serai pr\u00e9sent sur le festival Guitar&rsquo;Essonne qui se tiendra \u00e0 l&rsquo;espace Jean Lur\u00e7at \u00e0 Juvisy-sur-Orge.<br \/>\nVoici quelques d\u00e9tails sur la programmation du festival:<\/p>\n<p><a href=\"http:\/\/juliengarciaguitares.fr\/wp-content\/uploads\/2021\/10\/Festival-2021.jpg\"><img loading=\"lazy\" class=\"aligncenter size-medium wp-image-553\" src=\"http:\/\/juliengarciaguitares.fr\/wp-content\/uploads\/2021\/10\/Festival-2021-212x300.jpg\" alt=\"\" width=\"212\" height=\"300\" srcset=\"https:\/\/juliengarciaguitares.fr\/wp-content\/uploads\/2021\/10\/Festival-2021-212x300.jpg 212w, https:\/\/juliengarciaguitares.fr\/wp-content\/uploads\/2021\/10\/Festival-2021-768x1086.jpg 768w, https:\/\/juliengarciaguitares.fr\/wp-content\/uploads\/2021\/10\/Festival-2021-724x1024.jpg 724w\" sizes=\"(max-width: 212px) 100vw, 212px\" \/><\/a><a href=\"http:\/\/juliengarciaguitares.fr\/wp-content\/uploads\/2021\/10\/2_3_festival.jpg\"><img loading=\"lazy\" class=\"aligncenter size-medium wp-image-554\" src=\"http:\/\/juliengarciaguitares.fr\/wp-content\/uploads\/2021\/10\/2_3_festival-300x213.jpg\" alt=\"\" width=\"300\" height=\"213\" srcset=\"https:\/\/juliengarciaguitares.fr\/wp-content\/uploads\/2021\/10\/2_3_festival-300x213.jpg 300w, https:\/\/juliengarciaguitares.fr\/wp-content\/uploads\/2021\/10\/2_3_festival-768x546.jpg 768w, https:\/\/juliengarciaguitares.fr\/wp-content\/uploads\/2021\/10\/2_3_festival-1024x728.jpg 1024w\" sizes=\"(max-width: 300px) 100vw, 300px\" \/><\/a><\/p>\n<p><strong>Les 30 et 31 octobre 2021:<br \/>\n<\/strong>Je serai pr\u00e9sent au festival d&rsquo;Issoudun avec mes instruments.<br \/>\nLe salon de lutherie se tiendra dans le hall du centre de congr\u00e8s.<br \/>\nPour plus d&rsquo;infos sur la programmation du festival:<br \/>\n<a href=\"http:\/\/www.issoudun-guitare.com\/\">http:\/\/www.issoudun-guitare.com\/<\/a><strong><br \/>\n<\/strong><\/p>\n<p><strong>Les 8 et 9 octobre 2021:<\/strong><br \/>\nJe serai pr\u00e9sent au festival passion guitare \u00e0 Ferri\u00e8res o\u00f9 j&rsquo;exposerai mes instruments.<br \/>\nJ&rsquo;y animerai \u00e9galement un masterclass de lutherie guitare le samedi 9 \u00e0 partir de 16h.<br \/>\nPour plus d&rsquo;infos sur le festival:<br \/>\n<a href=\"http:\/\/www.ferrierespassionguitare.fr\/index.html\">http:\/\/www.ferrierespassionguitare.fr\/index.html<\/a><\/p>\n<p><strong>Les 12 et 13 septembre 2020:<br \/>\n<\/strong>Je serai pr\u00e9sent au salon international de la guitare \u00e0 l&rsquo;h\u00f4tel de r\u00e9gion de Toulouse.<br \/>\nPour plus d&rsquo;informations :<strong><br \/>\n<\/strong><a href=\"https:\/\/www.les-ig.com\/salon-international-de-la-lutherie-2020\/\">https:\/\/www.les-ig.com\/salon-international-de-la-lutherie-2020\/<\/a><br \/>\n<strong><br \/>\nLes 25, 26 et 27 octobre 2019:<\/strong><br \/>\nJe serai pr\u00e9sent au festival Dr\u00f4me de guitares au conservatoire de Valence.<br \/>\nPour plus d&rsquo;informations: <a href=\"http:\/\/www.dromedeguitares.org\/salon\/\">http:\/\/www.dromedeguitares.org\/salon\/<\/a><\/p>\n<p><strong>Les 11 et 12 octobre 2019:<br \/>\n<\/strong>Je serai pr\u00e9sent au festival <strong>Rencontres guitare <\/strong>\u00e0 Ferri\u00e8res sur Ari\u00e8ge (09000).<br \/>\nPour plus d&rsquo;informations : <a href=\"https:\/\/rencontresguitares09.wixsite.com\/2019\">https:\/\/rencontresguitares09.wixsite.com\/2019<\/a><\/p>\n<p><strong>Les 27, 28 et 29 septembre 2019:<br \/>\n<\/strong>Je serai pr\u00e9sent au festival <strong>Couleurs guitare<\/strong> \u00e0 M\u00e9jannes-le-Clap (30430).<br \/>\nPour plus d&rsquo;informations : <a href=\"http:\/\/www.festival-couleurs-guitare.com\/\">http:\/\/www.festival-couleurs-guitare.com\/<\/a><\/p>\n<p><strong>Les 21 et 22 septembre 2019:<br \/>\n<\/strong>Je serai pr\u00e9sent au <strong>salon international de la guitare<\/strong> \u00e0 l&rsquo;h\u00f4tel de r\u00e9gion de Toulouse.<br \/>\nPour plus d&rsquo;informations :<br \/>\n<a href=\"http:\/\/www.les-ig.com\/salon-international-de-la-lutherie-2019\/\">http:\/\/www.les-ig.com\/salon-international-de-la-lutherie-2019\/<\/a><\/p>\n<p><strong>Les 6 et 7 Juillet 2018 :<\/strong><br \/>\nJe serai pr\u00e9sent au festival international de guitare 2018 \u00e0 Vend\u00f4me, dans le Loir et cher, les 6 et 7 Juillet prochain o\u00f9<br \/>\nj&rsquo;exposerai quelques uns de mes instruments et j&rsquo;animerai \u00e9galement un atelier d\u00e9couverte du m\u00e9tier de luthier: <a href=\"https:\/\/www.vendomeguitarfest.com\/fr\/julien-garcia.html\">https:\/\/www.vendomeguitarfest.com\/fr\/julien-garcia.html<\/a><br \/>\nPour plus d\u2019informations : <a href=\"http:\/\/www.vendomeguitarfest.com\/\">http:\/\/www.vendomeguitarfest.com\/<\/a><\/p>\n<p><strong>Les 15, 16 et 17 septembre 2017 :<\/strong><br \/>\nJe serai pr\u00e9sent au festival couleurs guitare \u00e0 M\u00e9janne-Le- Clap.<br \/>\nPour plus d\u2019informations : <a href=\"http:\/\/www.festival-couleurs-guitare.com\/\">http:\/\/www.festival-couleurs-guitare.com\/<\/a><\/p>\n<p><strong>Le 25 mars 2017\u00a0:<\/strong><br \/>\nSalut \u00e0 tous,<br \/>\nJe serais pr\u00e9sent au Gazette Caf\u00e9 de Montpellier, le 25 mars 2017 dans le cadre de la Guitare Expo 2017.<br \/>\nUne sc\u00e8ne ouverte est pr\u00e9vue ce soir l\u00e0 avec quelque uns des instruments pr\u00e9sents lors de ce salon.<br \/>\nJ&rsquo;esp\u00e8re vous y voir nombreux !<br \/>\n<a href=\"http:\/\/juliengarciaguitares.fr\/wp-content\/uploads\/2016\/08\/Guitare-Expo-10mo.jpg\"><img loading=\"lazy\" class=\"size-medium wp-image-238\" src=\"http:\/\/juliengarciaguitares.fr\/wp-content\/uploads\/2016\/08\/Guitare-Expo-10mo-212x300.jpg\" alt=\"Guitare Expo (10mo)\" width=\"212\" height=\"300\" srcset=\"https:\/\/juliengarciaguitares.fr\/wp-content\/uploads\/2016\/08\/Guitare-Expo-10mo-212x300.jpg 212w, https:\/\/juliengarciaguitares.fr\/wp-content\/uploads\/2016\/08\/Guitare-Expo-10mo.jpg 297w\" sizes=\"(max-width: 212px) 100vw, 212px\" \/><\/a><\/p>\n<p><strong>Les 24 et 25 septembre 2016\u00a0:<\/strong><br \/>\nJe serai pr\u00e9sent au salon de la lutherie des internationales de la guitare \u00e0 Toulouse.<br \/>\nPour plus d\u2019informations\u00a0: <a href=\"http:\/\/www.les-ig.com\/\">http:\/\/www.les-ig.com\/<\/a><\/p>\n<p><strong>Les 16, 17 et 18 septembre 2016\u00a0:<\/strong><br \/>\nJe serai pr\u00e9sent au festival couleurs guitare \u00e0 M\u00e9janne-Le- Clap.<br \/>\nPour plus d\u2019informations\u00a0: <a href=\"http:\/\/www.festival-couleurs-guitare.com\/\">http:\/\/www.festival-couleurs-guitare.com\/<\/a><\/p>\n","protected":false},"excerpt":{"rendered":"<p>Les 27 et 28 Mai 2023: Je serai pr\u00e9sent \u00e0 la Guitare Expo de Lyon qui se tiendra \u00e0 l&rsquo;Espace 140 &#8211; Rillieux-La-Pape. Pour plus d&rsquo;infos: https:\/\/guitare-expo-lyon.com Les 17 et 18 septembre 2022: Je serai pr\u00e9sent au salon de lutherie des IG 2022 \u00e0 la cit\u00e9 \u00e0 Toulouse. Pour plus d&rsquo;infos: https:\/\/www.les-ig.com\/ https:\/\/luthiers.com\/retrouvez-julien-garcia-aux-ig-2022\/ Les 21 [&hellip;]<\/p>\n","protected":false},"author":1,"featured_media":0,"parent":0,"menu_order":0,"comment_status":"closed","ping_status":"closed","template":"fullpage.php","meta":{"_monsterinsights_skip_tracking":false,"_monsterinsights_sitenote_active":false,"_monsterinsights_sitenote_note":"","_monsterinsights_sitenote_category":0},"_links":{"self":[{"href":"https:\/\/juliengarciaguitares.fr\/index.php\/wp-json\/wp\/v2\/pages\/210"}],"collection":[{"href":"https:\/\/juliengarciaguitares.fr\/index.php\/wp-json\/wp\/v2\/pages"}],"about":[{"href":"https:\/\/juliengarciaguitares.fr\/index.php\/wp-json\/wp\/v2\/types\/page"}],"author":[{"embeddable":true,"href":"https:\/\/juliengarciaguitares.fr\/index.php\/wp-json\/wp\/v2\/users\/1"}],"replies":[{"embeddable":true,"href":"https:\/\/juliengarciaguitares.fr\/index.php\/wp-json\/wp\/v2\/comments?post=210"}],"version-history":[{"count":19,"href":"https:\/\/juliengarciaguitares.fr\/index.php\/wp-json\/wp\/v2\/pages\/210\/revisions"}],"predecessor-version":[{"id":683,"href":"https:\/\/juliengarciaguitares.fr\/index.php\/wp-json\/wp\/v2\/pages\/210\/revisions\/683"}],"wp:attachment":[{"href":"https:\/\/juliengarciaguitares.fr\/index.php\/wp-json\/wp\/v2\/media?parent=210"}],"curies":[{"name":"wp","href":"https:\/\/api.w.org\/{rel}","templated":true}]}}