{"id":171,"date":"2015-11-11T09:10:16","date_gmt":"2015-11-11T08:10:16","guid":{"rendered":"http:\/\/juliengarciaguitares.fr\/?page_id=171"},"modified":"2021-07-18T14:02:25","modified_gmt":"2021-07-18T13:02:25","slug":"realisation-om","status":"publish","type":"page","link":"https:\/\/juliengarciaguitares.fr\/index.php\/realisation-om\/","title":{"rendered":"R\u00e9alisations :"},"content":{"rendered":"<p><strong>OM r\u00e9alis\u00e9e sur commande pour un client :<\/strong><\/p>\n<p>Table: Redwood<br \/>\nFond\/\u00e9clisses: Noyer<br \/>\nFileterie: Acajou<br \/>\nManche: 3 parties Acajou\/Eb\u00e8ne\/Acajou<br \/>\nTouche et chevalet: Palissandre de Madagascar<\/p>\n\n\t\t<style type=\"text\/css\">\n\t\t\t#gallery-1 {\n\t\t\t\tmargin: auto;\n\t\t\t}\n\t\t\t#gallery-1 .gallery-item {\n\t\t\t\tfloat: left;\n\t\t\t\tmargin-top: 10px;\n\t\t\t\ttext-align: center;\n\t\t\t\twidth: 33%;\n\t\t\t}\n\t\t\t#gallery-1 img {\n\t\t\t\tborder: 2px solid #cfcfcf;\n\t\t\t}\n\t\t\t#gallery-1 .gallery-caption {\n\t\t\t\tmargin-left: 0;\n\t\t\t}\n\t\t\t\/* see gallery_shortcode() in wp-includes\/media.php *\/\n\t\t<\/style>\n\t\t<div id='gallery-1' class='gallery galleryid-171 gallery-columns-3 gallery-size-medium'><dl class='gallery-item'>\n\t\t\t<dt class='gallery-icon portrait'>\n\t\t\t\t<a href='https:\/\/juliengarciaguitares.fr\/wp-content\/uploads\/2015\/11\/Guitare-termin\u00e9e.jpg'><img width=\"146\" height=\"300\" src=\"https:\/\/juliengarciaguitares.fr\/wp-content\/uploads\/2015\/11\/Guitare-termin\u00e9e-146x300.jpg\" class=\"attachment-medium size-medium\" alt=\"\" loading=\"lazy\" srcset=\"https:\/\/juliengarciaguitares.fr\/wp-content\/uploads\/2015\/11\/Guitare-termin\u00e9e-146x300.jpg 146w, https:\/\/juliengarciaguitares.fr\/wp-content\/uploads\/2015\/11\/Guitare-termin\u00e9e-499x1024.jpg 499w, https:\/\/juliengarciaguitares.fr\/wp-content\/uploads\/2015\/11\/Guitare-termin\u00e9e.jpg 900w\" sizes=\"(max-width: 146px) 100vw, 146px\" \/><\/a>\n\t\t\t<\/dt><\/dl><dl class='gallery-item'>\n\t\t\t<dt class='gallery-icon portrait'>\n\t\t\t\t<a href='https:\/\/juliengarciaguitares.fr\/wp-content\/uploads\/2015\/11\/Guitare-termin\u00e9e-4.jpg'><img width=\"146\" height=\"300\" src=\"https:\/\/juliengarciaguitares.fr\/wp-content\/uploads\/2015\/11\/Guitare-termin\u00e9e-4-146x300.jpg\" class=\"attachment-medium size-medium\" alt=\"\" loading=\"lazy\" srcset=\"https:\/\/juliengarciaguitares.fr\/wp-content\/uploads\/2015\/11\/Guitare-termin\u00e9e-4-146x300.jpg 146w, https:\/\/juliengarciaguitares.fr\/wp-content\/uploads\/2015\/11\/Guitare-termin\u00e9e-4-497x1024.jpg 497w, https:\/\/juliengarciaguitares.fr\/wp-content\/uploads\/2015\/11\/Guitare-termin\u00e9e-4.jpg 900w\" sizes=\"(max-width: 146px) 100vw, 146px\" \/><\/a>\n\t\t\t<\/dt><\/dl>\n\t\t\t<br style='clear: both' \/>\n\t\t<\/div>\n\n<p><strong>Mod\u00e8les classiques pan coup\u00e9s:<\/strong><\/p>\n<p>Ces deux guitares ont \u00e9t\u00e9 r\u00e9alis\u00e9es sur commande pour Sebastian Cordero et Cristobal Pazmino.<br \/>\nIl s&rsquo;agit de mon mod\u00e8le lattice auquel ils m&rsquo;ont demand\u00e9 d&rsquo;ajouter un pan coup\u00e9 pour l&rsquo;acc\u00e8s au registre aigu de l&rsquo;instrument.<\/p>\n<p><a href=\"http:\/\/juliengarciaguitares.fr\/wp-content\/uploads\/2019\/10\/20190119_163556-e1570373373617.jpg\"><img loading=\"lazy\" class=\"size-medium wp-image-302 aligncenter\" src=\"http:\/\/juliengarciaguitares.fr\/wp-content\/uploads\/2019\/10\/20190119_163556-e1570373373617-225x300.jpg\" alt=\"\" width=\"225\" height=\"300\" srcset=\"https:\/\/juliengarciaguitares.fr\/wp-content\/uploads\/2019\/10\/20190119_163556-e1570373373617-225x300.jpg 225w, https:\/\/juliengarciaguitares.fr\/wp-content\/uploads\/2019\/10\/20190119_163556-e1570373373617-768x1024.jpg 768w\" sizes=\"(max-width: 225px) 100vw, 225px\" \/><\/a> <a href=\"http:\/\/juliengarciaguitares.fr\/wp-content\/uploads\/2019\/10\/20190119_163645-e1570373515905.jpg\"><img loading=\"lazy\" class=\"size-medium wp-image-303 aligncenter\" src=\"http:\/\/juliengarciaguitares.fr\/wp-content\/uploads\/2019\/10\/20190119_163645-e1570373515905-225x300.jpg\" alt=\"\" width=\"225\" height=\"300\" srcset=\"https:\/\/juliengarciaguitares.fr\/wp-content\/uploads\/2019\/10\/20190119_163645-e1570373515905-225x300.jpg 225w, https:\/\/juliengarciaguitares.fr\/wp-content\/uploads\/2019\/10\/20190119_163645-e1570373515905-768x1024.jpg 768w\" sizes=\"(max-width: 225px) 100vw, 225px\" \/><\/a> <a href=\"http:\/\/juliengarciaguitares.fr\/wp-content\/uploads\/2019\/10\/20190119_164231-e1570373524914.jpg\"><img loading=\"lazy\" class=\"size-medium wp-image-304 aligncenter\" src=\"http:\/\/juliengarciaguitares.fr\/wp-content\/uploads\/2019\/10\/20190119_164231-e1570373524914-225x300.jpg\" alt=\"\" width=\"225\" height=\"300\" srcset=\"https:\/\/juliengarciaguitares.fr\/wp-content\/uploads\/2019\/10\/20190119_164231-e1570373524914-225x300.jpg 225w, https:\/\/juliengarciaguitares.fr\/wp-content\/uploads\/2019\/10\/20190119_164231-e1570373524914-768x1024.jpg 768w\" sizes=\"(max-width: 225px) 100vw, 225px\" \/><\/a> <a href=\"http:\/\/juliengarciaguitares.fr\/wp-content\/uploads\/2019\/10\/20190119_164316-e1570373535515.jpg\"><img loading=\"lazy\" class=\"size-medium wp-image-305 aligncenter\" src=\"http:\/\/juliengarciaguitares.fr\/wp-content\/uploads\/2019\/10\/20190119_164316-e1570373535515-225x300.jpg\" alt=\"\" width=\"225\" height=\"300\" srcset=\"https:\/\/juliengarciaguitares.fr\/wp-content\/uploads\/2019\/10\/20190119_164316-e1570373535515-225x300.jpg 225w, https:\/\/juliengarciaguitares.fr\/wp-content\/uploads\/2019\/10\/20190119_164316-e1570373535515-768x1024.jpg 768w\" sizes=\"(max-width: 225px) 100vw, 225px\" \/><\/a><\/p>\n<p>Les deux guitares sont identiques en tout point \u00e0 l&rsquo;exception du bois choisi pour la caisse:<br \/>\nPaleto du Honduras pour la premi\u00e8re et Palissandre de Madagascar pour la seconde.<br \/>\nLes m\u00e9caniques Schaller grand tune compl\u00e8tent le tout.<\/p>\n<p><strong>Mod\u00e8le L-00:<\/strong><\/p>\n<p>Fond et \u00e9clisses: Bubinga<br \/>\nTable: \u00e9pic\u00e9a de sitka<br \/>\nManche: acajou<br \/>\nTouche: Pao ferro<br \/>\nChevalet: Palissandre de Madagascar<br \/>\nFilets: Marronnier<br \/>\nVernis: cellulosique brillant<\/p>\n<p><a href=\"http:\/\/juliengarciaguitares.fr\/wp-content\/uploads\/2017\/01\/Vue-en-ext\u00e9rieur.jpg\"><img loading=\"lazy\" class=\"size-medium wp-image-232 aligncenter\" src=\"http:\/\/juliengarciaguitares.fr\/wp-content\/uploads\/2017\/01\/Vue-en-ext\u00e9rieur-225x300.jpg\" alt=\"\" width=\"225\" height=\"300\" srcset=\"https:\/\/juliengarciaguitares.fr\/wp-content\/uploads\/2017\/01\/Vue-en-ext\u00e9rieur-225x300.jpg 225w, https:\/\/juliengarciaguitares.fr\/wp-content\/uploads\/2017\/01\/Vue-en-ext\u00e9rieur-768x1024.jpg 768w, https:\/\/juliengarciaguitares.fr\/wp-content\/uploads\/2017\/01\/Vue-en-ext\u00e9rieur.jpg 808w\" sizes=\"(max-width: 225px) 100vw, 225px\" \/><\/a> <a href=\"http:\/\/juliengarciaguitares.fr\/wp-content\/uploads\/2017\/01\/Vue-en-ext\u00e9rieur-3.jpg\"><img loading=\"lazy\" class=\"size-medium wp-image-233 aligncenter\" src=\"http:\/\/juliengarciaguitares.fr\/wp-content\/uploads\/2017\/01\/Vue-en-ext\u00e9rieur-3-225x300.jpg\" alt=\"\" width=\"225\" height=\"300\" srcset=\"https:\/\/juliengarciaguitares.fr\/wp-content\/uploads\/2017\/01\/Vue-en-ext\u00e9rieur-3-225x300.jpg 225w, https:\/\/juliengarciaguitares.fr\/wp-content\/uploads\/2017\/01\/Vue-en-ext\u00e9rieur-3-768x1024.jpg 768w, https:\/\/juliengarciaguitares.fr\/wp-content\/uploads\/2017\/01\/Vue-en-ext\u00e9rieur-3.jpg 808w\" sizes=\"(max-width: 225px) 100vw, 225px\" \/><\/a><\/p>\n<p><strong>Classique lattice:<\/strong><\/p>\n<p>Fond et \u00e9clisses: Palissandre Indien<br \/>\nTable: \u00e9pic\u00e9a alpin<br \/>\nChevalet et filets: Palissandre Indien<br \/>\nTouche: Eb\u00e8ne du Cameroun<br \/>\nM\u00e9caniques: Rubner<\/p>\n<p><a href=\"http:\/\/juliengarciaguitares.fr\/wp-content\/uploads\/2019\/10\/guitare-termin\u00e9e-4.jpg\"><img loading=\"lazy\" class=\"size-medium wp-image-339 aligncenter\" src=\"http:\/\/juliengarciaguitares.fr\/wp-content\/uploads\/2019\/10\/guitare-termin\u00e9e-4-224x300.jpg\" alt=\"\" width=\"224\" height=\"300\" srcset=\"https:\/\/juliengarciaguitares.fr\/wp-content\/uploads\/2019\/10\/guitare-termin\u00e9e-4-224x300.jpg 224w, https:\/\/juliengarciaguitares.fr\/wp-content\/uploads\/2019\/10\/guitare-termin\u00e9e-4.jpg 716w\" sizes=\"(max-width: 224px) 100vw, 224px\" \/><\/a> <a href=\"http:\/\/juliengarciaguitares.fr\/wp-content\/uploads\/2019\/10\/guitare-termin\u00e9e-5.jpg\"><img loading=\"lazy\" class=\"size-medium wp-image-340 aligncenter\" src=\"http:\/\/juliengarciaguitares.fr\/wp-content\/uploads\/2019\/10\/guitare-termin\u00e9e-5-224x300.jpg\" alt=\"\" width=\"224\" height=\"300\" srcset=\"https:\/\/juliengarciaguitares.fr\/wp-content\/uploads\/2019\/10\/guitare-termin\u00e9e-5-224x300.jpg 224w, https:\/\/juliengarciaguitares.fr\/wp-content\/uploads\/2019\/10\/guitare-termin\u00e9e-5.jpg 716w\" sizes=\"(max-width: 224px) 100vw, 224px\" \/><\/a><\/p>\n<p><strong>Guitare classique mod\u00e8le \u00ab\u00a0concert\u00a0\u00bb touche sur\u00e9lev\u00e9e:<\/strong><\/p>\n<p>Guitare r\u00e9alis\u00e9e sur commande pour un \u00e9tudiant en conservatoire.<br \/>\nTable \u00e9pic\u00e9a alpin et fond\/\u00e9clisses en Palissandre indien.<\/p>\n<p><a href=\"http:\/\/juliengarciaguitares.fr\/wp-content\/uploads\/2021\/07\/IMG_20201121_154606.jpg\"><img loading=\"lazy\" class=\"size-medium wp-image-536 aligncenter\" src=\"http:\/\/juliengarciaguitares.fr\/wp-content\/uploads\/2021\/07\/IMG_20201121_154606-225x300.jpg\" alt=\"\" width=\"225\" height=\"300\" srcset=\"https:\/\/juliengarciaguitares.fr\/wp-content\/uploads\/2021\/07\/IMG_20201121_154606-225x300.jpg 225w, https:\/\/juliengarciaguitares.fr\/wp-content\/uploads\/2021\/07\/IMG_20201121_154606-768x1024.jpg 768w\" sizes=\"(max-width: 225px) 100vw, 225px\" \/><\/a><a href=\"http:\/\/juliengarciaguitares.fr\/wp-content\/uploads\/2021\/07\/IMG_20201121_154628.jpg\"><img loading=\"lazy\" class=\"size-medium wp-image-537 aligncenter\" src=\"http:\/\/juliengarciaguitares.fr\/wp-content\/uploads\/2021\/07\/IMG_20201121_154628-225x300.jpg\" alt=\"\" width=\"225\" height=\"300\" srcset=\"https:\/\/juliengarciaguitares.fr\/wp-content\/uploads\/2021\/07\/IMG_20201121_154628-225x300.jpg 225w, https:\/\/juliengarciaguitares.fr\/wp-content\/uploads\/2021\/07\/IMG_20201121_154628-768x1024.jpg 768w\" sizes=\"(max-width: 225px) 100vw, 225px\" \/><\/a><\/p>\n<p><strong>Guitare classique mod\u00e8le \u00ab\u00a0grand concert\u00a0\u00bb:<\/strong><\/p>\n<p>Guitare r\u00e9alis\u00e9e sur commande avec table en C\u00e8dre rouge et fond\/\u00e9clisses en Palissandre indien.<br \/>\nLe client a pris livraison de sa guitare imm\u00e9diatement \u00e0 la fin de la fabrication, je n&rsquo;ai donc pas pu<br \/>\nfaire de photos \u00e0 la lumi\u00e8re ext\u00e9rieure.<\/p>\n<p><a href=\"http:\/\/juliengarciaguitares.fr\/wp-content\/uploads\/2021\/07\/IMG_20201211_161757.jpg\"><img loading=\"lazy\" class=\"size-medium wp-image-538 aligncenter\" src=\"http:\/\/juliengarciaguitares.fr\/wp-content\/uploads\/2021\/07\/IMG_20201211_161757-225x300.jpg\" alt=\"\" width=\"225\" height=\"300\" srcset=\"https:\/\/juliengarciaguitares.fr\/wp-content\/uploads\/2021\/07\/IMG_20201211_161757-225x300.jpg 225w, https:\/\/juliengarciaguitares.fr\/wp-content\/uploads\/2021\/07\/IMG_20201211_161757-768x1024.jpg 768w\" sizes=\"(max-width: 225px) 100vw, 225px\" \/><\/a><br \/>\n<strong>Guitare classique mod\u00e8le \u00ab\u00a0grand concert\u00a0\u00bb:<\/strong><\/p>\n<p>Guitare r\u00e9alis\u00e9e sur commande pour Jean-Fran\u00e7ois Ruiz.<br \/>\nLa table est en \u00e9pic\u00e9a alpin et fond\/\u00e9clisses en Palissandre indien.<br \/>\nIci la table a re\u00e7u une teinte \u00e0 la demande du guitariste.<\/p>\n<p><a href=\"http:\/\/juliengarciaguitares.fr\/wp-content\/uploads\/2021\/07\/IMG_20210223_152444.jpg\"><img loading=\"lazy\" class=\"size-medium wp-image-539 aligncenter\" src=\"http:\/\/juliengarciaguitares.fr\/wp-content\/uploads\/2021\/07\/IMG_20210223_152444-225x300.jpg\" alt=\"\" width=\"225\" height=\"300\" srcset=\"https:\/\/juliengarciaguitares.fr\/wp-content\/uploads\/2021\/07\/IMG_20210223_152444-225x300.jpg 225w, https:\/\/juliengarciaguitares.fr\/wp-content\/uploads\/2021\/07\/IMG_20210223_152444-768x1024.jpg 768w\" sizes=\"(max-width: 225px) 100vw, 225px\" \/><\/a><a href=\"http:\/\/juliengarciaguitares.fr\/wp-content\/uploads\/2021\/07\/IMG_20210223_152527.jpg\"><img loading=\"lazy\" class=\"size-medium wp-image-540 aligncenter\" src=\"http:\/\/juliengarciaguitares.fr\/wp-content\/uploads\/2021\/07\/IMG_20210223_152527-225x300.jpg\" alt=\"\" width=\"225\" height=\"300\" srcset=\"https:\/\/juliengarciaguitares.fr\/wp-content\/uploads\/2021\/07\/IMG_20210223_152527-225x300.jpg 225w, https:\/\/juliengarciaguitares.fr\/wp-content\/uploads\/2021\/07\/IMG_20210223_152527-768x1024.jpg 768w\" sizes=\"(max-width: 225px) 100vw, 225px\" \/><\/a><br \/>\n<strong>Guitare \u00ab\u00a0OM\u00a0\u00bb nylon 8 cordes multi-diapasons pan coup\u00e9:<\/strong><\/p>\n<p>Guitare un peu particuli\u00e8re r\u00e9alis\u00e9e \u00e9galement sur commande, il s&rsquo;agit d&rsquo;une guitare dite <strong>\u00ab\u00a0Brahms\u00a0\u00bb<\/strong><br \/>\nen version folk nylon. On retrouve les 6 cordes habituelles avec une corde grave et une corde aig\u00fce additionnelles<br \/>\npour un total de 8 cordes.<br \/>\nCe genre de guitare permet de retranscrire plus facilement des pi\u00e8ces \u00e9crites initialement pour le piano.<br \/>\nLa table est en \u00ab\u00a0sinker red cedar\u00a0\u00bb et fond\/\u00e9clisses en noyer am\u00e9ricain.<br \/>\nCette combinaison de bois offre de la chaleur et de la rondeur au son tout en conservant une tr\u00e8s bonne<br \/>\nclart\u00e9 et d\u00e9finition des notes, indispensable sur une guitare avec une telle amplitude sonore.<\/p>\n<p><a href=\"http:\/\/juliengarciaguitares.fr\/wp-content\/uploads\/2021\/07\/IMG_20210414_104800.jpg\"><img loading=\"lazy\" class=\"size-medium wp-image-541 aligncenter\" src=\"http:\/\/juliengarciaguitares.fr\/wp-content\/uploads\/2021\/07\/IMG_20210414_104800-225x300.jpg\" alt=\"\" width=\"225\" height=\"300\" srcset=\"https:\/\/juliengarciaguitares.fr\/wp-content\/uploads\/2021\/07\/IMG_20210414_104800-225x300.jpg 225w, https:\/\/juliengarciaguitares.fr\/wp-content\/uploads\/2021\/07\/IMG_20210414_104800-768x1024.jpg 768w\" sizes=\"(max-width: 225px) 100vw, 225px\" \/><\/a><a href=\"http:\/\/juliengarciaguitares.fr\/wp-content\/uploads\/2021\/07\/IMG_20210414_104743.jpg\"><img loading=\"lazy\" class=\"size-medium wp-image-542 aligncenter\" src=\"http:\/\/juliengarciaguitares.fr\/wp-content\/uploads\/2021\/07\/IMG_20210414_104743-225x300.jpg\" alt=\"\" width=\"225\" height=\"300\" srcset=\"https:\/\/juliengarciaguitares.fr\/wp-content\/uploads\/2021\/07\/IMG_20210414_104743-225x300.jpg 225w, https:\/\/juliengarciaguitares.fr\/wp-content\/uploads\/2021\/07\/IMG_20210414_104743-768x1024.jpg 768w\" sizes=\"(max-width: 225px) 100vw, 225px\" \/><\/a><\/p>\n","protected":false},"excerpt":{"rendered":"<p>OM r\u00e9alis\u00e9e sur commande pour un client : Table: Redwood Fond\/\u00e9clisses: Noyer Fileterie: Acajou Manche: 3 parties Acajou\/Eb\u00e8ne\/Acajou Touche et chevalet: Palissandre de Madagascar Mod\u00e8les classiques pan coup\u00e9s: Ces deux guitares ont \u00e9t\u00e9 r\u00e9alis\u00e9es sur commande pour Sebastian Cordero et Cristobal Pazmino. Il s&rsquo;agit de mon mod\u00e8le lattice auquel ils m&rsquo;ont demand\u00e9 d&rsquo;ajouter un pan [&hellip;]<\/p>\n","protected":false},"author":1,"featured_media":0,"parent":0,"menu_order":0,"comment_status":"closed","ping_status":"closed","template":"fullpage.php","meta":{"_monsterinsights_skip_tracking":false,"_monsterinsights_sitenote_active":false,"_monsterinsights_sitenote_note":"","_monsterinsights_sitenote_category":0},"_links":{"self":[{"href":"https:\/\/juliengarciaguitares.fr\/index.php\/wp-json\/wp\/v2\/pages\/171"}],"collection":[{"href":"https:\/\/juliengarciaguitares.fr\/index.php\/wp-json\/wp\/v2\/pages"}],"about":[{"href":"https:\/\/juliengarciaguitares.fr\/index.php\/wp-json\/wp\/v2\/types\/page"}],"author":[{"embeddable":true,"href":"https:\/\/juliengarciaguitares.fr\/index.php\/wp-json\/wp\/v2\/users\/1"}],"replies":[{"embeddable":true,"href":"https:\/\/juliengarciaguitares.fr\/index.php\/wp-json\/wp\/v2\/comments?post=171"}],"version-history":[{"count":8,"href":"https:\/\/juliengarciaguitares.fr\/index.php\/wp-json\/wp\/v2\/pages\/171\/revisions"}],"predecessor-version":[{"id":544,"href":"https:\/\/juliengarciaguitares.fr\/index.php\/wp-json\/wp\/v2\/pages\/171\/revisions\/544"}],"wp:attachment":[{"href":"https:\/\/juliengarciaguitares.fr\/index.php\/wp-json\/wp\/v2\/media?parent=171"}],"curies":[{"name":"wp","href":"https:\/\/api.w.org\/{rel}","templated":true}]}}